{"id":4125,"date":"2021-01-22T21:17:20","date_gmt":"2021-01-22T21:17:20","guid":{"rendered":"https:\/\/demenagement-economique.com\/entreposage-montreal\/"},"modified":"2022-01-27T21:35:39","modified_gmt":"2022-01-27T21:35:39","slug":"almacenamiento-montreal","status":"publish","type":"page","link":"https:\/\/demenagement-economique.com\/es\/almacenamiento-montreal\/","title":{"rendered":"ALMACENAMIENTO"},"content":{"rendered":"<p>[vc_row tm_textcolor=\u00bbwhite\u00bb tm_bgcolor=\u00bbdarkgrey\u00bb tm_bgimage_position=\u00bbcenter_top\u00bb full_width=\u00bbstretch_row\u00bb content_placement=\u00bbmiddle\u00bb css=\u00bb.vc_custom_1612131480536{margin-bottom: 100px !important;padding-top: 150px !important;padding-bottom: 150px !important;background-image: url(https:\/\/demenagement-economique.com\/wp-content\/uploads\/2021\/01\/entreposage-montreal.png?id=3225) !important;background-position: center !important;background-repeat: no-repeat !important;background-size: cover !important;}\u00bb][vc_column][vc_row_inner][vc_column_inner][vc_column_text]<\/p>\n<p style=\"text-align: center;\"><strong>OFRECEMOS SERVICIOS DE ALMACENAMIENTO EN MONTREAL CON NUESTRA BODEGA COMPLETAMENTE SEGURA EN MONTR\u00c9AL Y \u00a0CONECTADA A UN SYSTEMA DE ALARMA CENTRALIZADA.<\/strong><\/p>\n<h1 style=\"text-align: center;\"><strong>Mudanza econ\u00f3mica PONE a su disposici\u00f3n su bodega en Montreal y ofrece servicios de almacenamiento en Montreal.<\/strong><\/h1>\n<h5 style=\"text-align: center;\"><strong>\u00bfC\u00f3mo podemos ofrecerle un almacenamiento certificado \u00f3ptimo para sus mercanc\u00edas?<\/strong><\/h5>\n<h5 style=\"text-align: center;\"><strong>Haga una solicitud hoy mismo.<\/strong><\/h5>\n<p>[\/vc_column_text][vc_btn title=\u00bbSOLICITE UNA COTIZACI\u00d3N\u00bb color=\u00bbwhite\u00bb align=\u00bbcenter\u00bb i_icon_fontawesome=\u00bbfas fa-arrow-alt-circle-right\u00bb add_icon=\u00bbtrue\u00bb link=\u00bburl:https%3A%2F%2Fdemenagement-economique.com%2Fes%2Festimacion-gratuita%2F|title:Soumission\u00bb][\/vc_column_inner][\/vc_row_inner][\/vc_column][\/vc_row][vc_section][vc_row css=\u00bb.vc_custom_1611691817542{margin-top: 0px !important;}\u00bb][vc_column width=\u00bb1\/3&#8243;][vc_single_image image=\u00bb3519&#8243; img_size=\u00bbfull\u00bb css=\u00bb.vc_custom_1612131497602{margin-bottom: 40px !important;}\u00bb][vc_single_image image=\u00bb3469&#8243; img_size=\u00bbmedium\u00bb alignment=\u00bbcenter\u00bb onclick=\u00bbcustom_link\u00bb img_link_target=\u00bb_blank\u00bb css=\u00bb.vc_custom_1611780463476{margin-top: 40px !important;}\u00bb link=\u00bbhttps:\/\/uvl.ca\/fr\u00bb][vc_single_image image=\u00bb3467&#8243; img_size=\u00bbfull\u00bb alignment=\u00bbcenter\u00bb onclick=\u00bbcustom_link\u00bb img_link_target=\u00bb_blank\u00bb link=\u00bbhttps:\/\/uvl.ca\/fr\/notre-histoire\/les-entreprises-les-mieux-gerees\u00bb][vc_single_image image=\u00bb3463&#8243; img_size=\u00bbfull\u00bb alignment=\u00bbcenter\u00bb onclick=\u00bbcustom_link\u00bb img_link_target=\u00bb_blank\u00bb css=\u00bb.vc_custom_1611780499595{margin-top: 40px !important;}\u00bb link=\u00bbhttps:\/\/www.airmiles.ca\/fr.html\u00bb][\/vc_column][vc_column width=\u00bb2\/3&#8243;][vc_column_text]<\/p>\n<h2><strong>\u00bfPor qu\u00e9 elegir Mudanza econ\u00f3mica para su almacenamiento en Montreal?<\/strong><\/h2>\n<ul>\n<li><strong>Nuestras instalaciones de almacenamiento tienen calefacci\u00f3n y aire acondicionado, sus muebles y pertenencias est\u00e1n en buenas manos.<\/strong><\/li>\n<li><strong>En cuanto a la seguridad, todo el almac\u00e9n est\u00e1 bajo un sistema de alarma y videovigilancia 24 horas al d\u00eda.<\/strong><\/li>\n<li><strong>Todos nuestros espacios de almacenamiento tienen calefacci\u00f3n y se benefician durante todo el a\u00f1o de un nivel de humedad controlado y constante para que sus PERTENENCIAS REALMENTE ESTEN BIEN. Adem\u00e1s, Mudanza econ\u00f3mica REALIZA una vigilancia preventiva y reforzada de las plagas de forma regular.<\/strong><\/li>\n<li><strong>Nuestros almacenes est\u00e1n acreditados bajo aduana por el ej\u00e9rcito canadiense.<\/strong><\/li>\n<li><strong>Nuestro almac\u00e9n de Montr\u00e9al est\u00e1 climatizado, impecable y seguro.<\/strong><\/li>\n<\/ul>\n<p>[\/vc_column_text][vc_column_text]<\/p>\n<h3><strong>Servicios de almacenamiento para todas las necesidades<\/strong><\/h3>\n<ul>\n<li><strong>Almacenamiento a corto y largo plazo.<\/strong><\/li>\n<li><strong>Nuestros almacenes en Montr\u00e9al son impecables, con calefacci\u00f3n, temperatura y humedad controladas.<\/strong><\/li>\n<li><strong>Hay seguridad las 24 horas del d\u00eda con c\u00e1maras de vigilancia.<\/strong><\/li>\n<li><strong>Sistema de alarma conectado a la central.<\/strong><\/li>\n<li><strong>El acceso est\u00e1 controlado en todo momento.<\/strong><\/li>\n<li><strong>Almac\u00e9n de Montr\u00e9al reciente, limpio y bien situado.<\/strong><\/li>\n<\/ul>\n<p>[\/vc_column_text][vc_btn title=\u00bbSOLICITE UNA COTIZACI\u00d3N\u00bb color=\u00bbblack\u00bb i_icon_fontawesome=\u00bbfas fa-arrow-alt-circle-right\u00bb add_icon=\u00bbtrue\u00bb link=\u00bburl:https%3A%2F%2Fdemenagement-economique.com%2Fes%2Festimacion-gratuita%2F|title:Soumission\u00bb][\/vc_column][\/vc_row][\/vc_section][vc_section][vc_row tm_bgcolor=\u00bbskincolor\u00bb full_width=\u00bbstretch_row\u00bb css=\u00bb.vc_custom_1611841525095{margin-top: 20px !important;padding-top: 60px !important;}\u00bb][vc_column]<div class=\"tm-element-heading-wrapper tm-heading-inner tm-element-align-center tm-seperator-none tm-heading-style-vertical  vc_custom_1642796838343\"><section class=\"tm-vc_cta3-container\"><div class=\"tm-vc_general tm-vc_cta3 tm-cta3-only tm-vc_cta3-style-classic tm-vc_cta3-shape-rounded tm-vc_cta3-align-center tm-vc_cta3-color-transparent tm-vc_cta3-icon-size-md tm-vc_cta3-actions-no vc_custom_1642796838343 tm-cta3-with-desc\"><div class=\"tm-vc_cta3_content-container\"><div class=\"tm-vc_cta3-content\"><header class=\"tm-vc_cta3-content-header tm-wrap\"><div class=\"tm-vc_cta3-headers tm-wrap-cell\"><h2 class=\"tm-custom-heading \" >LAS VENTAJAS DE ELEGIR MUDANZA ECON\u00d3MICA PARA EL ALMACENAMIENTO DE SUS PERTENENCIAS EN MONTR\u00c9AL<\/h2>\n<\/div><div class=\"heading-seperator\"><span><\/span><\/div><\/header><div class=\"tm-cta3-content-wrapper\">\n<p style=\"text-align: center;\"><strong>Ofrecemos muchos otros servicios adem\u00e1s del almacenamiento con o sin mudanza. No dude en preguntar a nuestros asesores por la amplia gama de nuestros servicios.<\/strong><\/p>\n<p><\/div><\/div><\/div><\/div><\/section><\/div> <!-- .tm-element-heading-wrapper container --> <style>.vc_custom_1642796838343{margin-bottom: 0px !important;}<\/style>[\/vc_column][\/vc_row][vc_row tm_bgcolor=\u00bbskincolor\u00bb full_width=\u00bbstretch_row\u00bb css=\u00bb.vc_custom_1611333903688{margin-bottom: 80px !important;padding-bottom: 15px !important;}\u00bb][vc_column width=\u00bb1\/4&#8243;][vc_icon icon_fontawesome=\u00bbfas fa-file-alt\u00bb color=\u00bbwhite\u00bb background_style=\u00bbboxed-outline\u00bb background_color=\u00bbwhite\u00bb size=\u00bbxl\u00bb align=\u00bbcenter\u00bb link=\u00bburl:https%3A%2F%2Fdemenagement-economique.com%2Fwp-content%2Fuploads%2F2022%2F01%2FGUIA-DE-AYUDA-2022.pdf|target:_blank\u00bb][vc_column_text css=\u00bb.vc_custom_1642796854805{margin-top: -20px !important;}\u00bb]<\/p>\n<p style=\"text-align: center;\"><strong>GIA DE AYUDA<\/strong><\/p>\n<p>[\/vc_column_text][\/vc_column][vc_column width=\u00bb1\/4&#8243;][vc_icon icon_fontawesome=\u00bbfas fa-comments\u00bb color=\u00bbwhite\u00bb background_style=\u00bbboxed-outline\u00bb background_color=\u00bbwhite\u00bb size=\u00bbxl\u00bb align=\u00bbcenter\u00bb link=\u00bburl:https%3A%2F%2Fdemenagement-economique.com%2Fes%2Fconsejos-utiles%2F|title:Conseils%20pratiques\u00bb][vc_column_text css=\u00bb.vc_custom_1642796868621{margin-top: -20px !important;}\u00bb]<\/p>\n<p style=\"text-align: center;\"><strong>CONSEJOS \u00daTILES<\/strong><\/p>\n<p>[\/vc_column_text][\/vc_column][vc_column width=\u00bb1\/4&#8243;][vc_icon icon_fontawesome=\u00bbfas fa-warehouse\u00bb color=\u00bbwhite\u00bb background_style=\u00bbboxed-outline\u00bb background_color=\u00bbwhite\u00bb size=\u00bbxl\u00bb align=\u00bbcenter\u00bb link=\u00bburl:https%3A%2F%2Fdemenagement-economique.com%2Fes%2Falmacenamiento-montreal%2F|title:Entreposage\u00bb][vc_column_text css=\u00bb.vc_custom_1642796881037{margin-top: -20px !important;}\u00bb]<\/p>\n<p style=\"text-align: center;\"><strong>ALMACENAMIENTO<\/strong><\/p>\n<p>[\/vc_column_text][\/vc_column][vc_column width=\u00bb1\/4&#8243;][vc_icon icon_fontawesome=\u00bbfab fa-dropbox\u00bb color=\u00bbwhite\u00bb background_style=\u00bbboxed-outline\u00bb background_color=\u00bbwhite\u00bb size=\u00bbxl\u00bb align=\u00bbcenter\u00bb link=\u00bburl:https%3A%2F%2Fdemenagement-economique.com%2Fes%2Fembalaje-desembalaye%2F|title:Emballage%20et%20d%C3%A9ballage\u00bb][vc_column_text css=\u00bb.vc_custom_1642796894238{margin-top: -20px !important;}\u00bb]<\/p>\n<p style=\"text-align: center;\"><strong>EMBALAJE<\/strong><\/p>\n<p>[\/vc_column_text][\/vc_column][\/vc_row][\/vc_section][vc_section][vc_row full_width=\u00bbstretch_row\u00bb css=\u00bb.vc_custom_1611698831454{margin-top: 0px !important;}\u00bb][vc_column]<div class=\"tm-element-heading-wrapper tm-heading-inner tm-element-align-center tm-seperator-none tm-heading-style-vertical \"><section class=\"tm-vc_cta3-container\"><div class=\"tm-vc_general tm-vc_cta3 tm-cta3-only tm-vc_cta3-style-classic tm-vc_cta3-shape-rounded tm-vc_cta3-align-center tm-vc_cta3-color-transparent tm-vc_cta3-icon-size-md tm-vc_cta3-actions-no tm-cta3-with-desc\"><div class=\"tm-vc_cta3_content-container\"><div class=\"tm-vc_cta3-content\"><header class=\"tm-vc_cta3-content-header tm-wrap\"><div class=\"tm-vc_cta3-headers tm-wrap-cell\"><h2 class=\"tm-custom-heading \" >OTROS SERVICIOS DE MUDANZAS ECON\u00d3MICAS<\/h2>\n<\/div><div class=\"heading-seperator\"><span><\/span><\/div><\/header><div class=\"tm-cta3-content-wrapper\">\n<h6 style=\"text-align: center;\"><strong>ADEM\u00c1S DE OFRECER SERVICIOS DE ALMACENAJE EN MONTR\u00c9AL, OFRECEMOS MUCHOS OTROS TIPOS DE SERVICIOS Y MUDANZAS SIN IMPORTAR A D\u00d3NDE SE TRASLADE. NOS TRASLADAMOS A CUALQUIER LUGAR DE QUEBEC, CANAD\u00c1, ESTADOS UNIDOS, AL EXTRANJERO INTERNATIONAL Y ULTRAMAR.<\/strong><\/h6>\n<p><\/div><\/div><\/div><\/div><\/section><\/div> <!-- .tm-element-heading-wrapper container --> [\/vc_column][\/vc_row][\/vc_section][vc_row css=\u00bb.vc_custom_1611269387414{margin-bottom: 20px !important;}\u00bb][vc_column width=\u00bb1\/3&#8243;][vc_single_image image=\u00bb3539&#8243; img_size=\u00bbfull\u00bb alignment=\u00bbcenter\u00bb onclick=\u00bbcustom_link\u00bb link=\u00bb#\u00bb css=\u00bb.vc_custom_1612188557266{margin-bottom: 0px !important;}\u00bb]<h2 style=\"text-align:left;font-size:18px;line-height:22px;\" class=\"tm-custom-heading vc_custom_1642797234636\" ><a href=\"https:\/\/demenagement-economique.com\/demenagement-residentiel\/\" title=\"D\u00e9m\u00e9nagement r\u00e9sidentiel\">REUBICACI\u00d3N RESIDENCIAL LOCAL<\/a><\/h2>\n[vc_column_text css=\u00bb.vc_custom_1642797250966{margin-bottom: 0px !important;padding-bottom: 0px !important;}\u00bb]\u00bfBusca una mudanza residencial econ\u00f3mica a Montr\u00e9al u otra ciudad de Qu\u00e9bec? Tenemos m\u00e1s de 15 a\u00f1os de experiencia en el traslado de casas, apartamentos y condominios. Las calles de Montr\u00e9al no nos asustan.[\/vc_column_text]\n\t\t<div class=\"tm-vc_btn3-container tm-vc_btn3-inline vc_custom_1642879206088\"><a class=\"tm-vc_general tm-vc_btn3 tm-vc_btn3-size-sm tm-vc_btn3-shape-square tm-vc_btn3-style-text tm-vc_btn3-icon-right tm-vc_btn3-color-skincolor\" href=\"https:\/\/demenagement-economique.com\/es\/mudanza-residencial\/\" title=\"D\u00e9m\u00e9nagement r\u00e9sidentiel\">M\u00c1S INFORMACI\u00d3N <i class=\"tm-vc_btn3-icon themifyicon ti-angle-right\"><\/i><\/a><\/div>[\/vc_column][vc_column width=\u00bb1\/3&#8243;][vc_single_image image=\u00bb3533&#8243; img_size=\u00bbfull\u00bb alignment=\u00bbcenter\u00bb onclick=\u00bbcustom_link\u00bb link=\u00bb#\u00bb css=\u00bb.vc_custom_1611784237886{margin-bottom: 0px !important;}\u00bb]<h2 style=\"text-align:left;font-size:18px;line-height:22px;\" class=\"tm-custom-heading vc_custom_1642797262036\" ><a href=\"https:\/\/demenagement-economique.com\/demenagement-longue-distance\/\" title=\"D\u00e9m\u00e9nagement longue distance\">MUDANZA DE LARGA DISTANCIA<\/a><\/h2>\n[vc_column_text css=\u00bb.vc_custom_1642797273509{margin-bottom: 0px !important;padding-bottom: 0px !important;}\u00bb]\u00bfQuiere una mudanza econ\u00f3mica? Somos los expertos en mudanzas en todo Canad\u00e1. Una mudanza intercanadiense de larga distancia desde Qu\u00e9bec hasta su nuevo destino. \u00a1Somos los mejores![\/vc_column_text]\n\t\t<div class=\"tm-vc_btn3-container tm-vc_btn3-inline vc_custom_1642879227257\"><a class=\"tm-vc_general tm-vc_btn3 tm-vc_btn3-size-sm tm-vc_btn3-shape-square tm-vc_btn3-style-text tm-vc_btn3-icon-right tm-vc_btn3-color-skincolor\" href=\"https:\/\/demenagement-economique.com\/es\/mudanzas-de-larga-distancia\/\" title=\"D\u00e9m\u00e9nagement longue distance\">M\u00c1S INFORMACI\u00d3N <i class=\"tm-vc_btn3-icon themifyicon ti-angle-right\"><\/i><\/a><\/div>[\/vc_column][vc_column width=\u00bb1\/3&#8243;][vc_single_image image=\u00bb3541&#8243; img_size=\u00bbfull\u00bb alignment=\u00bbcenter\u00bb onclick=\u00bbcustom_link\u00bb link=\u00bb#\u00bb css=\u00bb.vc_custom_1612188567908{margin-bottom: 0px !important;}\u00bb]<h2 style=\"text-align:left;font-size:18px;line-height:22px;\" class=\"tm-custom-heading vc_custom_1642797284750\" ><a href=\"https:\/\/demenagement-economique.com\/demenagement-outremer-international\/\" title=\"D\u00e9m\u00e9nagement outre-mer et international\">MUDANZAS EN EL EXTRANJERO E INTERNACIONALESY ULTRAMARES<\/a><\/h2>\n[vc_column_text css=\u00bb.vc_custom_1642797296198{margin-bottom: 0px !important;padding-bottom: 0px !important;}\u00bb]\u00bfDesea una mudanza al extranjero e internacional que resulte econ\u00f3mica? \u00bfQuieres mudarte a Europa, africa, Asia, Australia? Ll\u00e1menos para hablar de las fases de planificaci\u00f3n de dicha mudanza.[\/vc_column_text]\n\t\t<div class=\"tm-vc_btn3-container tm-vc_btn3-inline vc_custom_1642879238690\"><a class=\"tm-vc_general tm-vc_btn3 tm-vc_btn3-size-sm tm-vc_btn3-shape-square tm-vc_btn3-style-text tm-vc_btn3-icon-right tm-vc_btn3-color-skincolor\" href=\"https:\/\/demenagement-economique.com\/es\/mudanza-internacional-ultramar\/\" title=\"D\u00e9m\u00e9nagement outre-mer et international\">M\u00c1S INFORMACI\u00d3N <i class=\"tm-vc_btn3-icon themifyicon ti-angle-right\"><\/i><\/a><\/div>[\/vc_column][\/vc_row][vc_row css=\u00bb.vc_custom_1611269404531{margin-bottom: 20px !important;}\u00bb][vc_column width=\u00bb1\/3&#8243;][vc_single_image image=\u00bb3545&#8243; img_size=\u00bbfull\u00bb alignment=\u00bbcenter\u00bb onclick=\u00bbcustom_link\u00bb link=\u00bb#\u00bb css=\u00bb.vc_custom_1612188587023{margin-bottom: 0px !important;}\u00bb]<h2 style=\"text-align:left;font-size:18px;line-height:22px;\" class=\"tm-custom-heading vc_custom_1642797306954\" ><a href=\"https:\/\/demenagement-economique.com\/demenagement-commercial\/\" title=\"D\u00e9m\u00e9nagement commercial\">MUDANZA COMERCIAL<\/a><\/h2>\n[vc_column_text css=\u00bb.vc_custom_1642797319205{margin-bottom: 0px !important;padding-bottom: 0px !important;}\u00bb]\u00bfBusca empresas de mudanzas baratas para su mudanza comercial? \u00bfTiene oficinas, computadores, separadores que trasladar? Somos expertos en mudanzas econ\u00f3micas de oficinas en Montr\u00e9al desde hace m\u00e1s de 15 a\u00f1os.[\/vc_column_text]\n\t\t<div class=\"tm-vc_btn3-container tm-vc_btn3-inline vc_custom_1642879253802\"><a class=\"tm-vc_general tm-vc_btn3 tm-vc_btn3-size-sm tm-vc_btn3-shape-square tm-vc_btn3-style-text tm-vc_btn3-icon-right tm-vc_btn3-color-skincolor\" href=\"https:\/\/demenagement-economique.com\/es\/mudanzas-comerciales\/\" title=\"D\u00e9m\u00e9nagement commercial\">M\u00c1S INFORMACI\u00d3N <i class=\"tm-vc_btn3-icon themifyicon ti-angle-right\"><\/i><\/a><\/div>[\/vc_column][vc_column width=\u00bb1\/3&#8243;][vc_single_image image=\u00bb3519&#8243; img_size=\u00bbfull\u00bb alignment=\u00bbcenter\u00bb onclick=\u00bbcustom_link\u00bb link=\u00bb#\u00bb css=\u00bb.vc_custom_1611768404429{margin-bottom: 0px !important;}\u00bb]<h2 style=\"text-align:left;font-size:18px;line-height:22px;\" class=\"tm-custom-heading vc_custom_1642797331256\" ><a href=\"https:\/\/demenagement-economique.com\/entreposage-montreal\/\" title=\"Entreposage\">ALMACENAMIENTO<\/a><\/h2>\n[vc_column_text css=\u00bb.vc_custom_1642797342399{margin-bottom: 0px !important;padding-bottom: 0px !important;}\u00bb]\u00bfDesea almacenar sus pertenencias en Montreal? Disponemos de almacenes con calefaccion y seguros a su disposici\u00f3n las 24 horas del d\u00eda en Montr\u00e9al. Puede guardar sus pertenencias antes o despu\u00e9s de la mudanza en un entorno limpio.[\/vc_column_text]\n\t\t<div class=\"tm-vc_btn3-container tm-vc_btn3-inline vc_custom_1642879266154\"><a class=\"tm-vc_general tm-vc_btn3 tm-vc_btn3-size-sm tm-vc_btn3-shape-square tm-vc_btn3-style-text tm-vc_btn3-icon-right tm-vc_btn3-color-skincolor\" href=\"https:\/\/demenagement-economique.com\/es\/almacenamiento-montreal\/\" title=\"Entreposage\">M\u00c1S INFORMACI\u00d3N <i class=\"tm-vc_btn3-icon themifyicon ti-angle-right\"><\/i><\/a><\/div>[\/vc_column][vc_column width=\u00bb1\/3&#8243;][vc_single_image image=\u00bb3543&#8243; img_size=\u00bbfull\u00bb alignment=\u00bbcenter\u00bb onclick=\u00bbcustom_link\u00bb link=\u00bb#\u00bb css=\u00bb.vc_custom_1612188577976{margin-bottom: 0px !important;}\u00bb]<h2 style=\"text-align:left;font-size:18px;line-height:22px;\" class=\"tm-custom-heading vc_custom_1642797354298\" ><a href=\"https:\/\/demenagement-economique.com\/demenagement-emballage-deballage\/\" title=\"Emballage et d\u00e9ballage\">EMBALAJE Y DESEMBALAJE<\/a><\/h2>\n[vc_column_text css=\u00bb.vc_custom_1642797365145{margin-bottom: 0px !important;padding-bottom: 0px !important;}\u00bb]\u00bfQuiere una mudanza \u00abllave en mano\u00bb? Ofrecemos servicios de embalaje y desembalaje a precios muy competitivos. Conf\u00ede en nuestro equipo formado y cualificado con m\u00e1s de 15 a\u00f1os de experiencia en mudanzas residenciales.[\/vc_column_text]\n\t\t<div class=\"tm-vc_btn3-container tm-vc_btn3-inline vc_custom_1642879280227\"><a class=\"tm-vc_general tm-vc_btn3 tm-vc_btn3-size-sm tm-vc_btn3-shape-square tm-vc_btn3-style-text tm-vc_btn3-icon-right tm-vc_btn3-color-skincolor\" href=\"https:\/\/demenagement-economique.com\/es\/embalaje-desembalaye\/\" title=\"Emballage et d\u00e9ballage\">M\u00c1S INFORMACI\u00d3N <i class=\"tm-vc_btn3-icon themifyicon ti-angle-right\"><\/i><\/a><\/div>[\/vc_column][\/vc_row][vc_row tm_bgcolor=\u00bbdarkgrey\u00bb full_width=\u00bbstretch_row\u00bb css=\u00bb.vc_custom_1611768458543{margin-top: -20px !important;padding-bottom: 00px !important;}\u00bb][vc_column][vc_row_inner css=\u00bb.vc_custom_1611768469375{margin-top: -20px !important;}\u00bb][vc_column_inner width=\u00bb1\/3&#8243;][vc_single_image image=\u00bb3487&#8243; img_size=\u00bbmedium\u00bb css=\u00bb.vc_custom_1611840558214{margin-top: -10px !important;}\u00bb][\/vc_column_inner][vc_column_inner width=\u00bb2\/3&#8243;][vc_column_text]<\/p>\n<h2><span style=\"color: #ffffff;\"><strong>\u00bfNECESITA UNa bodega para almacenar EN MONTR\u00c9AL?<\/strong><\/span><\/h2>\n<p><strong>Mudanza econ\u00f3mica<\/strong> le ofrece la posibilidad de almacenar sus pertenencias en nuestro almac\u00e9n de Montreal. Pida m\u00e1s informaci\u00f3n a nuestro equipo.[\/vc_column_text][vc_btn title=\u00bbCONTACTANOS\u00bb style=\u00bboutline\u00bb color=\u00bbwhite\u00bb i_icon_fontawesome=\u00bbfas fa-arrow-alt-circle-right\u00bb add_icon=\u00bbtrue\u00bb link=\u00bburl:https%3A%2F%2Fdemenagement-economique.com%2Fes%2Fcontacto%2F|title:Nous%20joindre\u00bb][\/vc_column_inner][\/vc_row_inner][\/vc_column][\/vc_row][vc_section][vc_row tm_bgcolor=\u00bbskincolor\u00bb full_width=\u00bbstretch_row\u00bb css=\u00bb.vc_custom_1611768512420{margin-top: 0px !important;padding-top: 20px !important;}\u00bb][vc_column][vc_icon icon_fontawesome=\u00bbfas fa-map-marker-alt\u00bb color=\u00bbwhite\u00bb size=\u00bbxl\u00bb align=\u00bbcenter\u00bb]<div class=\"tm-element-heading-wrapper tm-heading-inner tm-element-align-center tm-seperator-none tm-heading-style-vertical \"><section class=\"tm-vc_cta3-container\"><div class=\"tm-vc_general tm-vc_cta3 tm-cta3-only tm-vc_cta3-style-classic tm-vc_cta3-shape-rounded tm-vc_cta3-align-center tm-vc_cta3-color-transparent tm-vc_cta3-icon-size-md tm-vc_cta3-actions-no tm-cta3-without-desc\"><div class=\"tm-vc_cta3_content-container\"><div class=\"tm-vc_cta3-content\"><header class=\"tm-vc_cta3-content-header tm-wrap\"><div class=\"tm-vc_cta3-headers tm-wrap-cell\"><h2 class=\"tm-custom-heading \" >\u00bfBUSCA UNA EMPRESA DE MUDANZAS QUE OFREZCA ALMACENAMIENTO?<\/h2>\n<h4 class=\"tm-custom-heading \" >ESTAS SON LAS ZONAS EN LAS QUE PRESTAMOS SERVICIO. SOMOS LOS EXPERTOS EN MONTR\u00c9AL.<\/h4>\n<\/div><div class=\"heading-seperator\"><span><\/span><\/div><\/header><\/div><\/div><\/div><\/section><\/div> <!-- .tm-element-heading-wrapper container --> [vc_btn title=\u00bbCONTACTANOS\u00bb color=\u00bbwhite\u00bb align=\u00bbcenter\u00bb i_icon_fontawesome=\u00bbfas fa-phone-alt\u00bb add_icon=\u00bbtrue\u00bb link=\u00bburl:https%3A%2F%2Fdemenagement-economique.com%2Fes%2Fcontacto%2F|title:Nous%20joindre\u00bb][\/vc_column][\/vc_row][\/vc_section][vc_row][vc_column width=\u00bb1\/2&#8243;][vc_column_text css=\u00bb.vc_custom_1642797495560{margin-top: 40px !important;}\u00bb]<\/p>\n<p style=\"text-align: center;\">Bodegas de almacenamient en Montr\u00e9al<\/p>\n<p style=\"text-align: center;\">Bodegas de almacenamient en Montr\u00e9al-Est<\/p>\n<p style=\"text-align: center;\">Bodegas de almacenamient en Montr\u00e9al-Nord<\/p>\n<p style=\"text-align: center;\">Bodegas de almacenamient en Montr\u00e9al-Ouest<\/p>\n<p style=\"text-align: center;\">Bodegas de almacenamient en Montr\u00e9al Outremont<\/p>\n<p>[\/vc_column_text][\/vc_column][vc_column width=\u00bb1\/2&#8243;][vc_column_text css=\u00bb.vc_custom_1642797518050{margin-top: 40px !important;}\u00bb]<\/p>\n<p style=\"text-align: center;\">Bodegas de almacenamient en Montr\u00e9al Westmount<\/p>\n<p style=\"text-align: center;\">Bodegas de almacenamient en Montr\u00e9al Repentigny<\/p>\n<p style=\"text-align: center;\">Bodegas de almacenamient en Montr\u00e9al Dorval<\/p>\n<p style=\"text-align: center;\">Bodegas de almacenamient en Montr\u00e9al DDO<\/p>\n<p style=\"text-align: center;\">Bodegas de almacenamient en Montr\u00e9al Pointe-Claire<\/p>\n<p>[\/vc_column_text][\/vc_column][\/vc_row]<\/p>\n","protected":false},"excerpt":{"rendered":"<p>[vc_row tm_textcolor=\u00bbwhite\u00bb tm_bgcolor=\u00bbdarkgrey\u00bb tm_bgimage_position=\u00bbcenter_top\u00bb full_width=\u00bbstretch_row\u00bb content_placement=\u00bbmiddle\u00bb css=\u00bb.vc_custom_1612131480536{margin-bottom: 100px !important;padding-top: 150px !important;padding-bottom: 150px !important;background-image: url(https:\/\/demenagement-economique.com\/wp-content\/uploads\/2021\/01\/entreposage-montreal.png?id=3225) !important;background-position: center !important;background-repeat: no-repeat !important;background-size: cover !important;}\u00bb][vc_column][vc_row_inner][vc_column_inner][vc_column_text] OFRECEMOS SERVICIOS DE ALMACENAMIENTO EN MONTREAL CON NUESTRA BODEGA COMPLETAMENTE SEGURA EN MONTR\u00c9AL Y \u00a0CONECTADA A UN SYSTEMA DE ALARMA CENTRALIZADA. Mudanza econ\u00f3mica PONE a su disposici\u00f3n su bodega en Montreal y ofrece servicios &hellip; <a href=\"https:\/\/demenagement-economique.com\/es\/almacenamiento-montreal\/\" class=\"more-link\">Continue reading <span class=\"screen-reader-text\">ALMACENAMIENTO<\/span><\/a><\/p>\n","protected":false},"author":2,"featured_media":0,"parent":0,"menu_order":6,"comment_status":"closed","ping_status":"closed","template":"","meta":{"footnotes":""},"class_list":["post-4125","page","type-page","status-publish","hentry"],"yoast_head":"<!-- This site is optimized with the Yoast SEO Premium plugin v26.9 (Yoast SEO v27.5) - https:\/\/yoast.com\/product\/yoast-seo-premium-wordpress\/ -->\n<title>ALMACENAMIENTO - D\u00e9m\u00e9nagement \u00e9conomique ALMACENAMIENTO<\/title>\n<meta name=\"description\" content=\"ALMACENAMIENTO \u00bfBusca un almac\u00e9n en Montreal? MUSCADA ECONOMICA le ofrece su almac\u00e9n seguro.\" \/>\n<meta name=\"robots\" content=\"index, follow, max-snippet:-1, max-image-preview:large, max-video-preview:-1\" \/>\n<link rel=\"canonical\" href=\"https:\/\/demenagement-economique.com\/es\/almacenamiento-montreal\/\" \/>\n<meta property=\"og:locale\" content=\"es_ES\" \/>\n<meta property=\"og:type\" content=\"article\" \/>\n<meta property=\"og:title\" content=\"ALMACENAMIENTO\" \/>\n<meta property=\"og:description\" content=\"ALMACENAMIENTO \u00bfBusca un almac\u00e9n en Montreal? MUSCADA ECONOMICA le ofrece su almac\u00e9n seguro.\" \/>\n<meta property=\"og:url\" content=\"https:\/\/demenagement-economique.com\/es\/almacenamiento-montreal\/\" \/>\n<meta property=\"og:site_name\" content=\"D\u00e9m\u00e9nagement \u00e9conomique\" \/>\n<meta property=\"article:modified_time\" content=\"2022-01-27T21:35:39+00:00\" \/>\n<meta name=\"twitter:card\" content=\"summary_large_image\" \/>\n<meta name=\"twitter:label1\" content=\"Tiempo de lectura\" \/>\n\t<meta name=\"twitter:data1\" content=\"6 minutos\" \/>\n<script type=\"application\/ld+json\" class=\"yoast-schema-graph\">{\"@context\":\"https:\\\/\\\/schema.org\",\"@graph\":[{\"@type\":\"WebPage\",\"@id\":\"https:\\\/\\\/demenagement-economique.com\\\/es\\\/almacenamiento-montreal\\\/\",\"url\":\"https:\\\/\\\/demenagement-economique.com\\\/es\\\/almacenamiento-montreal\\\/\",\"name\":\"ALMACENAMIENTO - D\u00e9m\u00e9nagement \u00e9conomique ALMACENAMIENTO\",\"isPartOf\":{\"@id\":\"https:\\\/\\\/demenagement-economique.com\\\/#website\"},\"datePublished\":\"2021-01-22T21:17:20+00:00\",\"dateModified\":\"2022-01-27T21:35:39+00:00\",\"description\":\"ALMACENAMIENTO \u00bfBusca un almac\u00e9n en Montreal? MUSCADA ECONOMICA le ofrece su almac\u00e9n seguro.\",\"breadcrumb\":{\"@id\":\"https:\\\/\\\/demenagement-economique.com\\\/es\\\/almacenamiento-montreal\\\/#breadcrumb\"},\"inLanguage\":\"es\",\"potentialAction\":[{\"@type\":\"ReadAction\",\"target\":[\"https:\\\/\\\/demenagement-economique.com\\\/es\\\/almacenamiento-montreal\\\/\"]}]},{\"@type\":\"BreadcrumbList\",\"@id\":\"https:\\\/\\\/demenagement-economique.com\\\/es\\\/almacenamiento-montreal\\\/#breadcrumb\",\"itemListElement\":[{\"@type\":\"ListItem\",\"position\":1,\"name\":\"Home\",\"item\":\"https:\\\/\\\/demenagement-economique.com\\\/\"},{\"@type\":\"ListItem\",\"position\":2,\"name\":\"ALMACENAMIENTO\"}]},{\"@type\":\"WebSite\",\"@id\":\"https:\\\/\\\/demenagement-economique.com\\\/#website\",\"url\":\"https:\\\/\\\/demenagement-economique.com\\\/\",\"name\":\"D\u00e9m\u00e9nagement \u00e9conomique\",\"description\":\"D\u00e9m\u00e9nagement \u00e9conomique \u00e0 Montr\u00e9al\",\"publisher\":{\"@id\":\"https:\\\/\\\/demenagement-economique.com\\\/#organization\"},\"potentialAction\":[{\"@type\":\"SearchAction\",\"target\":{\"@type\":\"EntryPoint\",\"urlTemplate\":\"https:\\\/\\\/demenagement-economique.com\\\/?s={search_term_string}\"},\"query-input\":{\"@type\":\"PropertyValueSpecification\",\"valueRequired\":true,\"valueName\":\"search_term_string\"}}],\"inLanguage\":\"es\"},{\"@type\":\"Organization\",\"@id\":\"https:\\\/\\\/demenagement-economique.com\\\/#organization\",\"name\":\"D\u00e9m\u00e9nagement \u00e9conomique\",\"url\":\"https:\\\/\\\/demenagement-economique.com\\\/\",\"logo\":{\"@type\":\"ImageObject\",\"inLanguage\":\"es\",\"@id\":\"https:\\\/\\\/demenagement-economique.com\\\/#\\\/schema\\\/logo\\\/image\\\/\",\"url\":\"https:\\\/\\\/demenagement-economique.com\\\/wp-content\\\/uploads\\\/2021\\\/08\\\/logo_entete_demenagement_economique_united-2.png\",\"contentUrl\":\"https:\\\/\\\/demenagement-economique.com\\\/wp-content\\\/uploads\\\/2021\\\/08\\\/logo_entete_demenagement_economique_united-2.png\",\"width\":727,\"height\":153,\"caption\":\"D\u00e9m\u00e9nagement \u00e9conomique\"},\"image\":{\"@id\":\"https:\\\/\\\/demenagement-economique.com\\\/#\\\/schema\\\/logo\\\/image\\\/\"}}]}<\/script>\n<!-- \/ Yoast SEO Premium plugin. -->","yoast_head_json":{"title":"ALMACENAMIENTO - D\u00e9m\u00e9nagement \u00e9conomique ALMACENAMIENTO","description":"ALMACENAMIENTO \u00bfBusca un almac\u00e9n en Montreal? MUSCADA ECONOMICA le ofrece su almac\u00e9n seguro.","robots":{"index":"index","follow":"follow","max-snippet":"max-snippet:-1","max-image-preview":"max-image-preview:large","max-video-preview":"max-video-preview:-1"},"canonical":"https:\/\/demenagement-economique.com\/es\/almacenamiento-montreal\/","og_locale":"es_ES","og_type":"article","og_title":"ALMACENAMIENTO","og_description":"ALMACENAMIENTO \u00bfBusca un almac\u00e9n en Montreal? MUSCADA ECONOMICA le ofrece su almac\u00e9n seguro.","og_url":"https:\/\/demenagement-economique.com\/es\/almacenamiento-montreal\/","og_site_name":"D\u00e9m\u00e9nagement \u00e9conomique","article_modified_time":"2022-01-27T21:35:39+00:00","twitter_card":"summary_large_image","twitter_misc":{"Tiempo de lectura":"6 minutos"},"schema":{"@context":"https:\/\/schema.org","@graph":[{"@type":"WebPage","@id":"https:\/\/demenagement-economique.com\/es\/almacenamiento-montreal\/","url":"https:\/\/demenagement-economique.com\/es\/almacenamiento-montreal\/","name":"ALMACENAMIENTO - D\u00e9m\u00e9nagement \u00e9conomique ALMACENAMIENTO","isPartOf":{"@id":"https:\/\/demenagement-economique.com\/#website"},"datePublished":"2021-01-22T21:17:20+00:00","dateModified":"2022-01-27T21:35:39+00:00","description":"ALMACENAMIENTO \u00bfBusca un almac\u00e9n en Montreal? MUSCADA ECONOMICA le ofrece su almac\u00e9n seguro.","breadcrumb":{"@id":"https:\/\/demenagement-economique.com\/es\/almacenamiento-montreal\/#breadcrumb"},"inLanguage":"es","potentialAction":[{"@type":"ReadAction","target":["https:\/\/demenagement-economique.com\/es\/almacenamiento-montreal\/"]}]},{"@type":"BreadcrumbList","@id":"https:\/\/demenagement-economique.com\/es\/almacenamiento-montreal\/#breadcrumb","itemListElement":[{"@type":"ListItem","position":1,"name":"Home","item":"https:\/\/demenagement-economique.com\/"},{"@type":"ListItem","position":2,"name":"ALMACENAMIENTO"}]},{"@type":"WebSite","@id":"https:\/\/demenagement-economique.com\/#website","url":"https:\/\/demenagement-economique.com\/","name":"D\u00e9m\u00e9nagement \u00e9conomique","description":"D\u00e9m\u00e9nagement \u00e9conomique \u00e0 Montr\u00e9al","publisher":{"@id":"https:\/\/demenagement-economique.com\/#organization"},"potentialAction":[{"@type":"SearchAction","target":{"@type":"EntryPoint","urlTemplate":"https:\/\/demenagement-economique.com\/?s={search_term_string}"},"query-input":{"@type":"PropertyValueSpecification","valueRequired":true,"valueName":"search_term_string"}}],"inLanguage":"es"},{"@type":"Organization","@id":"https:\/\/demenagement-economique.com\/#organization","name":"D\u00e9m\u00e9nagement \u00e9conomique","url":"https:\/\/demenagement-economique.com\/","logo":{"@type":"ImageObject","inLanguage":"es","@id":"https:\/\/demenagement-economique.com\/#\/schema\/logo\/image\/","url":"https:\/\/demenagement-economique.com\/wp-content\/uploads\/2021\/08\/logo_entete_demenagement_economique_united-2.png","contentUrl":"https:\/\/demenagement-economique.com\/wp-content\/uploads\/2021\/08\/logo_entete_demenagement_economique_united-2.png","width":727,"height":153,"caption":"D\u00e9m\u00e9nagement \u00e9conomique"},"image":{"@id":"https:\/\/demenagement-economique.com\/#\/schema\/logo\/image\/"}}]}},"_links":{"self":[{"href":"https:\/\/demenagement-economique.com\/es\/wp-json\/wp\/v2\/pages\/4125","targetHints":{"allow":["GET"]}}],"collection":[{"href":"https:\/\/demenagement-economique.com\/es\/wp-json\/wp\/v2\/pages"}],"about":[{"href":"https:\/\/demenagement-economique.com\/es\/wp-json\/wp\/v2\/types\/page"}],"author":[{"embeddable":true,"href":"https:\/\/demenagement-economique.com\/es\/wp-json\/wp\/v2\/users\/2"}],"replies":[{"embeddable":true,"href":"https:\/\/demenagement-economique.com\/es\/wp-json\/wp\/v2\/comments?post=4125"}],"version-history":[{"count":14,"href":"https:\/\/demenagement-economique.com\/es\/wp-json\/wp\/v2\/pages\/4125\/revisions"}],"predecessor-version":[{"id":4345,"href":"https:\/\/demenagement-economique.com\/es\/wp-json\/wp\/v2\/pages\/4125\/revisions\/4345"}],"wp:attachment":[{"href":"https:\/\/demenagement-economique.com\/es\/wp-json\/wp\/v2\/media?parent=4125"}],"curies":[{"name":"wp","href":"https:\/\/api.w.org\/{rel}","templated":true}]}}